{"id":10,"date":"2019-09-06T13:40:12","date_gmt":"2019-09-06T13:40:12","guid":{"rendered":"https:\/\/abicker.de\/?page_id=10"},"modified":"2024-08-20T13:37:58","modified_gmt":"2024-08-20T13:37:58","slug":"impressum-datenschutzerklaerung","status":"publish","type":"page","link":"https:\/\/abicker.de\/index.php\/impressum-datenschutzerklaerung\/","title":{"rendered":"Impressum"},"content":{"rendered":"\r\n<p>Betreiber dieser Seite, Webdesign und verantwortlich f\u00fcr den Inhalt:<\/p>\r\n\r\n\r\n\r\n<p>Arne Bicker \u2013 freier Journalist<\/p>\r\n\r\n\r\n\r\n<p>Bahnweg 4<\/p>\r\n\r\n\r\n\r\n<p>79115 Freiburg<\/p>\r\n\r\n\r\n\r\n<p>info (at) abicker (punkt) de<\/p>\r\n<p>Tel. 0761 &#8211; 70 60 00<\/p>\r\n<p>&nbsp;<\/p>\r\n<p>Portr\u00e4tfoto:\u00a0<a href=\"https:\/\/www.koswig.de\" target=\"_blank\" rel=\"noopener noreferrer\">MARTIN KOSWIG PHOTOGRAPHY<\/a><\/p>\r\n\r\n\r\n\r\n<p>&nbsp;<\/p>\r\n<p><strong>Erkl\u00e4rung<\/strong><\/p>\r\n\r\n\r\n\r\n<p>Diese Internet-Seite wurde erstellt und wird gewartet vom Presseb\u00fcro Arne Bicker, Freiburg. Alle auf dieser Homepage gezeigten Fotos und Texte unterliegen dem Urheberrecht. Kopie, Abdruck, Vervielf\u00e4ltigung und sonstige Nutzung nur mit schriftlicher Genehmigung des Presseb\u00fcro Arne Bicker.<\/p>\r\n\r\n\r\n\r\n<p>Die Inhalte dieser Homepage wurden mit gr\u00f6\u00dfter Sorgfalt erstellt. F\u00fcr die Richtigkeit, Vollst\u00e4ndigkeit und Aktualit\u00e4t der Inhalte k\u00f6nnen wir jedoch keine Gew\u00e4hr \u00fcbernehmen. Dies gilt besonders f\u00fcr Konzertank\u00fcndigungen, die zumeist auf Informationen Dritter beruhen. F\u00fcr fremde Inhalte bei Links zu externen Webseiten Dritter, auf deren Inhalte wir keinen Einfluss haben, k\u00f6nnen wir keine Gew\u00e4hr \u00fcbernehmen.<\/p>\r\n\r\n\r\n\r\n<p>F\u00fcr die Inhalte der verlinkten Seiten ist stets der jeweilige Anbieter oder Betreiber der Seiten verantwortlich. Eine permanente inhaltliche Kontrolle der verlinkten Seiten ist ohne konkrete Anhaltspunkte einer Rechtsverletzung nicht zumutbar. Bei Bekanntwerden von Rechtsverletzungen werden wir derartige Links umgehend entfernen.<\/p>\r\n\r\n\r\n\r\n<p>&nbsp;<\/p>\r\n<p>&nbsp;<\/p>\r\n","protected":false},"excerpt":{"rendered":"<p>Betreiber dieser Seite, Webdesign und verantwortlich f\u00fcr den Inhalt: Arne Bicker \u2013 freier Journalist Bahnweg&#8230;<\/p>\n","protected":false},"author":1,"featured_media":0,"parent":0,"menu_order":0,"comment_status":"closed","ping_status":"closed","template":"","meta":{"footnotes":""},"class_list":["post-10","page","type-page","status-publish","hentry"],"yoast_head":"<!-- This site is optimized with the Yoast SEO plugin v18.5.1 - https:\/\/yoast.com\/wordpress\/plugins\/seo\/ -->\n<title>Impressum - Presseb\u00fcro Arne Bicker<\/title>\n<meta name=\"robots\" content=\"index, follow, max-snippet:-1, max-image-preview:large, max-video-preview:-1\" \/>\n<link rel=\"canonical\" href=\"https:\/\/abicker.de\/index.php\/impressum-datenschutzerklaerung\/\" \/>\n<meta property=\"og:locale\" content=\"de_DE\" \/>\n<meta property=\"og:type\" content=\"article\" \/>\n<meta property=\"og:title\" content=\"Impressum - Presseb\u00fcro Arne Bicker\" \/>\n<meta property=\"og:description\" content=\"Betreiber dieser Seite, Webdesign und verantwortlich f\u00fcr den Inhalt: Arne Bicker \u2013 freier Journalist Bahnweg...\" \/>\n<meta property=\"og:url\" content=\"https:\/\/abicker.de\/index.php\/impressum-datenschutzerklaerung\/\" \/>\n<meta property=\"og:site_name\" content=\"Presseb\u00fcro Arne Bicker\" \/>\n<meta property=\"article:modified_time\" content=\"2024-08-20T13:37:58+00:00\" \/>\n<meta name=\"twitter:card\" content=\"summary_large_image\" \/>\n<meta name=\"twitter:label1\" content=\"Gesch\u00e4tzte Lesezeit\" \/>\n\t<meta name=\"twitter:data1\" content=\"1\u00a0Minute\" \/>\n<script type=\"application\/ld+json\" class=\"yoast-schema-graph\">{\"@context\":\"https:\/\/schema.org\",\"@graph\":[{\"@type\":\"WebSite\",\"@id\":\"https:\/\/abicker.de\/#website\",\"url\":\"https:\/\/abicker.de\/\",\"name\":\"Presseb\u00fcro Arne Bicker\",\"description\":\"Journalist | Moderator | Sprecher | Autor\",\"potentialAction\":[{\"@type\":\"SearchAction\",\"target\":{\"@type\":\"EntryPoint\",\"urlTemplate\":\"https:\/\/abicker.de\/?s={search_term_string}\"},\"query-input\":\"required name=search_term_string\"}],\"inLanguage\":\"de\"},{\"@type\":\"WebPage\",\"@id\":\"https:\/\/abicker.de\/index.php\/impressum-datenschutzerklaerung\/#webpage\",\"url\":\"https:\/\/abicker.de\/index.php\/impressum-datenschutzerklaerung\/\",\"name\":\"Impressum - Presseb\u00fcro Arne Bicker\",\"isPartOf\":{\"@id\":\"https:\/\/abicker.de\/#website\"},\"datePublished\":\"2019-09-06T13:40:12+00:00\",\"dateModified\":\"2024-08-20T13:37:58+00:00\",\"breadcrumb\":{\"@id\":\"https:\/\/abicker.de\/index.php\/impressum-datenschutzerklaerung\/#breadcrumb\"},\"inLanguage\":\"de\",\"potentialAction\":[{\"@type\":\"ReadAction\",\"target\":[\"https:\/\/abicker.de\/index.php\/impressum-datenschutzerklaerung\/\"]}]},{\"@type\":\"BreadcrumbList\",\"@id\":\"https:\/\/abicker.de\/index.php\/impressum-datenschutzerklaerung\/#breadcrumb\",\"itemListElement\":[{\"@type\":\"ListItem\",\"position\":1,\"name\":\"Home\",\"item\":\"https:\/\/abicker.de\/\"},{\"@type\":\"ListItem\",\"position\":2,\"name\":\"Impressum\"}]}]}<\/script>\n<!-- \/ Yoast SEO plugin. -->","yoast_head_json":{"title":"Impressum - Presseb\u00fcro Arne Bicker","robots":{"index":"index","follow":"follow","max-snippet":"max-snippet:-1","max-image-preview":"max-image-preview:large","max-video-preview":"max-video-preview:-1"},"canonical":"https:\/\/abicker.de\/index.php\/impressum-datenschutzerklaerung\/","og_locale":"de_DE","og_type":"article","og_title":"Impressum - Presseb\u00fcro Arne Bicker","og_description":"Betreiber dieser Seite, Webdesign und verantwortlich f\u00fcr den Inhalt: Arne Bicker \u2013 freier Journalist Bahnweg...","og_url":"https:\/\/abicker.de\/index.php\/impressum-datenschutzerklaerung\/","og_site_name":"Presseb\u00fcro Arne Bicker","article_modified_time":"2024-08-20T13:37:58+00:00","twitter_card":"summary_large_image","twitter_misc":{"Gesch\u00e4tzte Lesezeit":"1\u00a0Minute"},"schema":{"@context":"https:\/\/schema.org","@graph":[{"@type":"WebSite","@id":"https:\/\/abicker.de\/#website","url":"https:\/\/abicker.de\/","name":"Presseb\u00fcro Arne Bicker","description":"Journalist | Moderator | Sprecher | Autor","potentialAction":[{"@type":"SearchAction","target":{"@type":"EntryPoint","urlTemplate":"https:\/\/abicker.de\/?s={search_term_string}"},"query-input":"required name=search_term_string"}],"inLanguage":"de"},{"@type":"WebPage","@id":"https:\/\/abicker.de\/index.php\/impressum-datenschutzerklaerung\/#webpage","url":"https:\/\/abicker.de\/index.php\/impressum-datenschutzerklaerung\/","name":"Impressum - Presseb\u00fcro Arne Bicker","isPartOf":{"@id":"https:\/\/abicker.de\/#website"},"datePublished":"2019-09-06T13:40:12+00:00","dateModified":"2024-08-20T13:37:58+00:00","breadcrumb":{"@id":"https:\/\/abicker.de\/index.php\/impressum-datenschutzerklaerung\/#breadcrumb"},"inLanguage":"de","potentialAction":[{"@type":"ReadAction","target":["https:\/\/abicker.de\/index.php\/impressum-datenschutzerklaerung\/"]}]},{"@type":"BreadcrumbList","@id":"https:\/\/abicker.de\/index.php\/impressum-datenschutzerklaerung\/#breadcrumb","itemListElement":[{"@type":"ListItem","position":1,"name":"Home","item":"https:\/\/abicker.de\/"},{"@type":"ListItem","position":2,"name":"Impressum"}]}]}},"_links":{"self":[{"href":"https:\/\/abicker.de\/index.php\/wp-json\/wp\/v2\/pages\/10","targetHints":{"allow":["GET"]}}],"collection":[{"href":"https:\/\/abicker.de\/index.php\/wp-json\/wp\/v2\/pages"}],"about":[{"href":"https:\/\/abicker.de\/index.php\/wp-json\/wp\/v2\/types\/page"}],"author":[{"embeddable":true,"href":"https:\/\/abicker.de\/index.php\/wp-json\/wp\/v2\/users\/1"}],"replies":[{"embeddable":true,"href":"https:\/\/abicker.de\/index.php\/wp-json\/wp\/v2\/comments?post=10"}],"version-history":[{"count":9,"href":"https:\/\/abicker.de\/index.php\/wp-json\/wp\/v2\/pages\/10\/revisions"}],"predecessor-version":[{"id":434,"href":"https:\/\/abicker.de\/index.php\/wp-json\/wp\/v2\/pages\/10\/revisions\/434"}],"wp:attachment":[{"href":"https:\/\/abicker.de\/index.php\/wp-json\/wp\/v2\/media?parent=10"}],"curies":[{"name":"wp","href":"https:\/\/api.w.org\/{rel}","templated":true}]}}